{"id":107,"date":"2020-07-25T12:45:58","date_gmt":"2020-07-25T12:45:58","guid":{"rendered":"https:\/\/www.sierracantabria.com\/bodegaprivadadelafamilia\/?page_id=107"},"modified":"2020-11-10T06:03:04","modified_gmt":"2020-11-10T06:03:04","slug":"politica-de-privacidad","status":"publish","type":"page","link":"https:\/\/www.sierracantabria.com\/bodegaprivadadelafamilia\/politica-de-privacidad\/","title":{"rendered":"Pol\u00edtica de privacidad"},"content":{"rendered":"\n<h2>\n\t\tPol\u00edtica de protecci\u00f3n de datos y privacidad\n\t<\/h2>\n\t<ol>\n<li><strong>\u00bfQui\u00e9n es el Responsable de tratamiento de sus datos?<\/strong><\/li>\n<\/ol>\n<p>El responsable de los tratamientos de datos referentes a los distintos procesos con respecto la gesti\u00f3n de usuarios, clientes y clientes potenciales, colaboradores y proveedores son las siguientes empresas (en adelante : VI\u00d1EDOS Y BODEGAS SIERRA CANTABRIA:<\/p>\n<ul>\n<li>VI\u00d1EDOS DE P\u00c1GANOS, S.L<br \/>\ncon domicilio social en CRTA NAVARIDAS-PAGANOS, S\/N 01307 PAGANOS,LAGUARDIA (provincia de ALAVA) y CIF B01270172 .<\/li>\n<li>TESO LA MONJA SL<br \/>\ncon domicilio social en CTRA. NAVARIDAS &#8211; P\u00c1GANOS S\/N, 01309, P\u00c1GANOS-LAGUARDIA (\u00c1LAVA) y CIF: B01446913<\/li>\n<li>DOMINIO DE EGUREN SL<br \/>\ncon domicilio social en CAMINO SAN PEDRO S\/N, 01307, P\u00c1GANOS-LAGUARDIA (\u00c1LAVA) y CIF. B01235126<\/li>\n<li>VI\u00d1EDOS SIERRA CANTABRIA SL<br \/>\ncon domicilio social en C\/ FUENTE DE LA SALUD S\/N, 26338, SAN VICENTE DE LA SONSIERRA (LA RIOJA) con CIF: B26389635.<\/li>\n<li>SE\u00d1OR\u00cdO DE SAN VICENTE SA<br \/>\ncon domicilio social en C\/ LOS REMEDIOS 27, 26338, SAN VICENTE DE LA SONSIERRA (LA RIOJA) con CIF A26166769<\/li>\n<li>SIERRA CANTABRIA SA<br \/>\ncon domicilio social C\/ AMOREBIETA 3, 26338, SAN VICENTE DE LA SONSIERRA (LA RIOJA) con CIF A26035287,<\/li>\n<\/ul>\n\n<p>Asimismo, le informamos que en el tratamiento de datos en materia de gesti\u00f3n de Usuarios, Clientes y Proveedores, no existen entidades Corresponsables del Tratamiento.<\/p>\n<ol start=\"2\">\n<li><strong>\u00bfQu\u00e9 tipo de datos tenemos sobre su persona y c\u00f3mo los hemos obtenido? <\/strong><\/li>\n<\/ol>\n<p>Las categor\u00edas de datos personales que VI\u00d1EDOS Y BODEGAS SIERRA CANTABRIA\u00a0\u00a0 trata sobre sus clientes y proveedores son:<\/p>\n<ul>\n<li>Datos de identificaci\u00f3n<\/li>\n<li>Direcciones postales o electr\u00f3nicas<\/li>\n<li>Informaci\u00f3n comercial<\/li>\n<li>Datos econ\u00f3micos y de transacciones e informaci\u00f3n financiera<\/li>\n<li>Datos profesionales<\/li>\n<li>Datos de imagen, voz<\/li>\n<li>Datos profesionales, Datos sobre estilo de vida, perfiles sociales<\/li>\n<\/ul>\n<p>En ning\u00fan caso tratamos datos especialmente protegidos.<\/p>\n<p>Todos los datos arriba mencionados los hemos obtenido o directamente de Usted mediante la presentaci\u00f3n de una oferta comercial, propuesta contractual, etc. o mediante su empresa al facilitarnos los datos de identificaci\u00f3n y dem\u00e1s informaci\u00f3n necesaria para llevar al cabo el objeto de la relaci\u00f3n contractual entre las partes. Ser\u00e1 una obligaci\u00f3n suya o de su empresa facilitarnos los datos actualizados en caso de modificaci\u00f3n. Con respecto a los datos de candidatos a empleo hemos obtenido sus datos mediante la presentaci\u00f3n de un CV por su parte o la obtenci\u00f3n de su candidatura mediante los servicios de un portal de empleo. En este \u00faltimo caso Usted ha autorizado dicha cesi\u00f3n de sus datos a nuestra empresa al insertar sus datos curriculares en el portal de empleo.<\/p>\n<ol start=\"3\">\n<li><strong>\u00bfPor cu\u00e1nto tiempo conservaremos sus datos? <\/strong><\/li>\n<\/ol>\n<p>Los datos personales relativos a personas f\u00edsicas vinculadas a clientes potenciales, clientes y proveedores que VI\u00d1EDOS Y BODEGAS SIERRA CANTABRIA\u00a0\u00a0 recopile mediante los distintos formularios de contacto y\/o recogida de informaci\u00f3n se conservar\u00e1n mientras no se solicite su supresi\u00f3n por el interesado. Los datos proporcionados por nuestros clientes y proveedores se conservar\u00e1n mientras se mantenga la relaci\u00f3n mercantil entre las partes respetando en cualquier caso los plazos m\u00ednimos legales de conservaci\u00f3n seg\u00fan la materia.<\/p>\n\n<ol start=\"4\">\n<li><strong>\u00bfCon qu\u00e9 finalidad y sobre qu\u00e9 base de legitimaci\u00f3n tratamos sus datos?<\/strong><\/li>\n<\/ol>\n<p>En <strong>VI\u00d1EDOS Y BODEGAS SIERRA CANTABRIA <\/strong>tratamos los datos que nos facilitan las personas interesadas con el fin de gestionar distintas actividades derivadas de procedimientos espec\u00edficos realizados en materia de ventas, servicio post venta, gesti\u00f3n de proveedores, gesti\u00f3n de candidatos, calidad de servicios, etc. De esta manera, utilizaremos sus datos para llevar al cabo algunas de las siguientes acciones bas\u00e1ndonos en la respectiva base de legitimaci\u00f3n:<\/p>\n<table>\n<tbody>\n<tr>\n<td><strong>FINALIDAD DE TRATAMIENTO<\/strong><\/td>\n<td><strong>BASE DE LEGITIMACI\u00d3N<\/strong><\/td>\n<\/tr>\n<tr>\n<td><strong>Registro de personas que acceden a las instalaciones para control de acceso y seguridad.<\/strong><\/td>\n<td>Inter\u00e9s legitimo del responsable<\/td>\n<\/tr>\n<tr>\n<td><strong>Vigilancia y control de acceso a las instalaciones<\/strong><\/td>\n<td>Inter\u00e9s legitimo del responsable<\/td>\n<\/tr>\n<tr>\n<td><strong>Gesti\u00f3n de los derechos de protecci\u00f3n de datos de los interesados<\/strong><\/td>\n<td>Obligaci\u00f3n regulatoria<\/td>\n<\/tr>\n<tr>\n<td><strong>Gesti\u00f3n contable, fiscal, administrativa y facturaci\u00f3n de clientes<\/strong><\/td>\n<td>Ejecuci\u00f3n (pre)contrato; Obligaci\u00f3n regulatoria<\/td>\n<\/tr>\n<tr>\n<td><strong>Gesti\u00f3n de las solicitudes de informaci\u00f3n que llegan a trav\u00e9s del formularios web o redes sociales<\/strong><\/td>\n<td>Consentimiento del afectado<\/td>\n<\/tr>\n<tr>\n<td><strong>Gesti\u00f3n de operaciones de publicidad y marketing para la fidelizaci\u00f3n de clientes<\/strong><\/td>\n<td>Inter\u00e9s leg\u00edtimo.<\/td>\n<\/tr>\n<tr>\n<td><strong>Gesti\u00f3n fiscal, contable y administrativa con colaboradores profesionales, comisionistas, etc.<\/strong><\/td>\n<td>Ejecuci\u00f3n (pre)contrato; Obligaci\u00f3n regulatoria<\/td>\n<\/tr>\n<tr>\n<td><strong>Gesti\u00f3n fiscal, contable y administrativa con proveedores<\/strong><\/td>\n<td>Ejecuci\u00f3n (pre)contrato; Obligaci\u00f3n regulatoria<\/td>\n<\/tr>\n<tr>\n<td><strong>Procesos de b\u00fasqueda, evaluaci\u00f3n y selecci\u00f3n de candidatos<\/strong><\/td>\n<td>Consentimiento del afectado<\/td>\n<\/tr>\n<tr>\n<td><strong>Gesti\u00f3n de los derechos de protecci\u00f3n de datos de los interesados<\/strong><\/td>\n<td>Obligaci\u00f3n regulatoria<\/td>\n<\/tr>\n<tr>\n<td><strong>Gesti\u00f3n contable, fiscal, administrativa y facturaci\u00f3n de clientes del Grupo<\/strong><\/td>\n<td>Ejecuci\u00f3n (pre)contrato; Obligaci\u00f3n regulatoria<\/td>\n<\/tr>\n<tr>\n<td><strong>Gesti\u00f3n de las solicitudes de informaci\u00f3n que llegan a trav\u00e9s del formularios web o redes sociales<\/strong><\/td>\n<td>Consentimiento del afectado<\/td>\n<\/tr>\n<tr>\n<td><strong>Gesti\u00f3n de operaciones de publicidad y marketing para la fidelizaci\u00f3n de clientes del Grupo<\/strong><\/td>\n<td>Inter\u00e9s legitimo.<\/td>\n<\/tr>\n<tr>\n<td><strong>Gesti\u00f3n fiscal, contable y administrativa con colaboradores profesionales, comisionistas, etc.del grupo<\/strong><\/td>\n<td>Ejecuci\u00f3n (pre)contrato; Obligaci\u00f3n regulatoria<\/td>\n<\/tr>\n<tr>\n<td><strong>Gesti\u00f3n fiscal, contable y administrativa con proveedores del grupo<\/strong><\/td>\n<td>Ejecuci\u00f3n (pre)contrato; Obligaci\u00f3n regulatoria<\/td>\n<\/tr>\n<tr>\n<td><strong>Procesos de b\u00fasqueda, evaluaci\u00f3n y selecci\u00f3n de candidatos<\/strong><\/td>\n<td>Consentimiento del afectado<\/td>\n<\/tr>\n<\/tbody>\n<\/table>\n<p>En cuanto, a la base de legitimaci\u00f3n referenciada Usted se encuentra obligado a facilitar los datos personales, en el supuesto de que no facilite sus datos de car\u00e1cter personal no se podr\u00e1 ejecutar su contrato, cumplir las obligaciones legales o derivadas de los poderes p\u00fablicos.<\/p>\n<p>En base a la informaci\u00f3n facilitada y para que pueda ofrecerle productos y servicios de acuerdo con sus intereses y\/o mejorar su experiencia de usuario le informamos que elaboraremos un \u00abperfil comercial\u00bb. No obstante, le informamos que no se tomar\u00e1n decisiones automatizadas en base a dicho perfil.<\/p>\n<ol start=\"5\">\n<li><strong>\u00bf\u00c1 que destinatarios se comunicar\u00e1n sus datos?<\/strong><\/li>\n<\/ol>\n<p>VI\u00d1EDOS Y BODEGAS SIERRA CANTABRIA nunca compartir\u00e1 tus datos personales con ninguna empresa tercera que pretenda utilizarlos en sus acciones de marketing directo, excepto en el caso de que nos hayas autorizado expresamente a ello.<\/p>\n<p>Le informamos que podemos facilitar tus datos personales a organismos de la Administraci\u00f3n P\u00fablica y Autoridades competentes en aquellos casos que VI\u00d1EDOS DE P\u00c1GANOS, S.L reciba un requerimiento legal por parte de dichas Autoridades o en los casos que actuando de buena fe, consideramos que tal acci\u00f3n es razonablemente necesaria para cumplir con un proceso judicial; para contestar cualquier reclamaci\u00f3n o demanda jur\u00eddica; o para proteger los derechos de VI\u00d1EDOS DE P\u00c1GANOS, S.L o sus clientes y el p\u00fablico en general.<\/p>\n<p>Para poder satisfacer las distintas necesidades derivadas por la gesti\u00f3n comercial, contable\/fiscal y administrativa de nuestros usuarios, clientes o proveedores puede ser necesario que sus datos sean comunicados por nuestra empresa al resto de las sociedades que conforman nuestro grupo: Las empresas de nuestro grupo objeto de la presente pol\u00edtica son: SIERRA CANTABRIA, S.A. ,SE\u00d1OR\u00cdO DE SAN VICENTE, S.A.VI\u00d1EDOS SIERRA CANTABRIA, S.L.DOMINIO DE SIERRA CANTABRIA, S.L.TESO LA MONJA, S.L.,VI\u00d1EDOS DE P\u00c1GANOS, S.L.. Las sociedades de nuestro grupo se dedican a la prestaci\u00f3n de los siguientes servicios: Elaboraci\u00f3n y venta de vinos. Todas nuestras sociedades est\u00e1n ubicadas en Espa\u00f1a.<\/p>\n<p>VI\u00d1EDOS Y BODEGAS SIERRA CANTABRIA\u00a0\u00a0 puede proporcionar tus datos personales a terceras personas (Ej. proveedores de servicios de Internet que nos ayudan a administrar nuestra p\u00e1gina web o llevar a cabo los servicios contratados, empresas de soporte y mantenimiento inform\u00e1tico, empresas de log\u00edstica, gestor\u00edas y asesoramiento fiscal y contable, etc.). En cualquier caso, estas terceras personas deben mantener, en todo momento, los mismos niveles de seguridad que VI\u00d1EDOS Y BODEGAS SIERRA CANTABRIA\u00a0\u00a0 en relaci\u00f3n a tus datos personales y, cuando sea necesario, estar\u00e1n vinculadas por compromisos legales a fin de guardar tus datos personales de forma privada y segura, y a fin de utilizar \u00fanicamente la informaci\u00f3n siguiendo instrucciones espec\u00edficas de VI\u00d1EDOS Y BODEGAS SIERRA CANTABRIA .<\/p>\n<p>Le informamos que nuestra entidad no realiza transferencias internacionales de datos en materia de gesti\u00f3n de Usuarios, Clientes y\/o Proveedores.<\/p>\n<ol start=\"6\">\n<li><strong>\u00bfCu\u00e1les son sus derechos como afectados o interesado? <\/strong><\/li>\n<\/ol>\n<p>Cualquier persona tiene derecho a obtener confirmaci\u00f3n sobre si VI\u00d1EDOS Y BODEGAS SIERRA CANTABRIA\u00a0\u00a0 est\u00e1 tratando datos personales que le conciernan, o no.<\/p>\n<p>En concreto, las personas interesadas pueden solicitar el <strong>derecho de acceso<\/strong> a sus datos personales, as\u00ed como recibirlos en un formato com\u00fan y lectura mecanizada si el tratamiento se efect\u00faa por medios electr\u00f3nicos (<strong>derecho de portabilidad<\/strong>).<\/p>\n<p>Asimismo, las personas interesadas pueden solicitar el <strong>derecho de rectificaci\u00f3n<\/strong> de los datos inexactos o, en su caso, solicitar su <strong>supresi\u00f3n<\/strong> cuando, entre otros motivos, los datos ya no sea necesarios para los fines que fueron recogidos.<\/p>\n<p>Complementariamente, en determinadas circunstancias, los interesados podr\u00e1n solicitar la <strong>limitaci\u00f3n del tratamiento de sus datos<\/strong>, o en determinadas circunstancias y por motivos relacionados con su situaci\u00f3n particular, los interesados podr\u00e1n ejercitar su <strong>derecho a oponerse<\/strong> al tratamiento de sus datos. VI\u00d1EDOS Y BODEGAS SIERRA CANTABRIA\u00a0\u00a0 dejar\u00e1 de tratar los datos, salvo por motivos leg\u00edtimos imperiosos, o el ejercicio o la defensa de posibles reclamaciones o en aquellas excepciones establecidas en la normativa aplicable.<\/p>\n<p>Asimismo, le informamos que tiene derecho a retirar sus consentimientos otorgados en cualquier momento, sin que ello afecte a la licitud del tratamiento basado en el consentimiento previo a su retirada.<\/p>\n<p>As\u00ed mismo se informa al Usuario que en cualquier momento puede ejercitar los mencionados derechos dirigi\u00e9ndose por escrito a nosotros utilizando los datos de contacto que aparecen en el Apartado 1, &#8216;Responsable de tratamiento&#8217; de la presente pol\u00edtica de Protecci\u00f3n de Datos y Privacidad de VI\u00d1EDOS Y BODEGAS SIERRA CANTABRIA\u00a0\u00a0 ,adjuntando copia de su DNI. Al igual modo, puede enviarnos un correo electr\u00f3nico a la direcci\u00f3n info@sierracantabria.com .<\/p>\n<p>Usted tambi\u00e9n tendr\u00e1 el derecho a presentar una reclamaci\u00f3n ante la Agencia Espa\u00f1ola de Protecci\u00f3n de datos, especialmente cuando no haya obtenido satisfacci\u00f3n en el ejercicio de sus derechos.<\/p>\n<ul>\n<li>Agencia Espa\u00f1ola de Protecci\u00f3n de Datos.\n<ul>\n<li>C\/ Jorge Juan, 6<\/li>\n<li>28001 &#8211; Madrid<\/li>\n<li>Telf. 901100099 \/ 912663517<\/li>\n<\/ul>\n<\/li>\n<\/ul>\n<ol start=\"7\">\n<li><strong>Protecci\u00f3n de datos de los usuarios de la p\u00e1gina web.<\/strong><\/li>\n<\/ol>\n<p>De conformidad con el vigente Reglamento (UE) 2016\/679, VI\u00d1EDOS Y BODEGAS SIERRA CANTABRIA\u00a0\u00a0 informa que los datos de car\u00e1cter personal de los Usuarios del sitio web se tratar\u00e1n para la actividad del tratamiento indicado en cada formulario de recogida de datos de nuestra p\u00e1gina web por parte de VI\u00d1EDOS Y BODEGAS SIERRA CANTABRIA\u00a0\u00a0 . Dicho tratamiento de sus datos estar\u00e1 amparado en su propio consentimiento. Al pulsar el bot\u00f3n \u00abENVIAR\u00bb, el Usuario consiente al tratamiento de sus datos por parte de VI\u00d1EDOS Y BODEGAS SIERRA CANTABRIA\u00a0\u00a0 .<\/p>\n<p>Asimismo, le informamos que salvo obligaci\u00f3n legal o consentimiento expreso por su parte VI\u00d1EDOS Y BODEGAS SIERRA CANTABRIA no va a ceder sus datos a terceras personas.<\/p>\n<p>Igualmente, se informa al Usuario que en cualquier momento puede ejercitar los derechos de acceso, rectificaci\u00f3n o supresi\u00f3n de datos as\u00ed como disponer de otros derechos reconocidos en el presente documento y regulados en el Reglamento (UE) 2016\/679 , notific\u00e1ndolo a VI\u00d1EDOS Y BODEGAS SIERRA CANTABRIA\u00a0\u00a0 , CRTA NAVARIDAS-PAGANOS, S\/N 01307 PAGANOS,LAGUARDIA (provincia de ALAVA) , e-mail: info@sierracantabria.com.<\/p>\n<p>Por otro lado, de acuerdo con lo dispuesto en la Ley 34\/2002, de 11 de Julio, de Servicios de la Sociedad de Informaci\u00f3n y de Comercio Electr\u00f3nico, VI\u00d1EDOS Y BODEGAS SIERRA CANTABRIA\u00a0\u00a0 se compromete a no enviar publicidad a trav\u00e9s del correo electr\u00f3nico sin haber recabado antes la expresa autorizaci\u00f3n del destinatario. El Usuario podr\u00e1 oponerse al env\u00edo de publicidad marcando la casilla correspondiente.<\/p>\n<ol start=\"8\">\n<li><strong>Otra informaci\u00f3n de inter\u00e9s sobre nuestra pol\u00edtica de privacidad<\/strong><\/li>\n<\/ol>\n\n<p>VI\u00d1EDOS Y BODEGAS SIERRA CANTABRIA\u00a0\u00a0 adopta los niveles de seguridad requeridos por la normativa Europea y Espa\u00f1ola vigente en protecci\u00f3n de datos teniendo en cuenta el estado de la t\u00e9cnica, los costes de aplicaci\u00f3n y la naturaleza, el alcance, el contexto y los fines del tratamiento descritos, as\u00ed como los riesgos de probabilidad y gravedad variables para sus derechos y libertades como persona.<\/p>\n\n<p>Al amparo del RGPD UE 679\/2016 y del RD 1720\/2007 los menores de m\u00e1s de 14 a\u00f1os pueden dar su consentimiento a la contrataci\u00f3n de servicios de la sociedad de la informaci\u00f3n, como puede ser la inscripci\u00f3n en un foro, la cumplimentaci\u00f3n de un formulario de contacto, etc. No obstante, ser\u00e1 responsabilidad de VI\u00d1EDOS Y BODEGAS SIERRA CANTABRIA\u00a0\u00a0 comprobar la veracidad de la edad indicada por parte del menor.<\/p>\n<p>Para el tratamiento de datos de menores de 14 a\u00f1os dicha recogida de datos se realizar\u00e1 siempre bajo el expreso consentimiento de los padres o tutores legales.<\/p>\n\n<p>Ocasionalmente, VI\u00d1EDOS Y BODEGAS SIERRA CANTABRIA\u00a0\u00a0 podr\u00e1 realizar modificaciones y correcciones en este apartado de Pol\u00edtica de Protecci\u00f3n de Datos para Clientes, Proveedores y Usuarios. Por favor, verifique este apartado regularmente para consultar los cambios que puedan haber existido y de qu\u00e9 manera le pueden afectar.<\/p>\n\n<p>Este apartado de Pol\u00edtica de Protecci\u00f3n de Datos para Clientes, Proveedores y Usuarios le proporciona de un modo f\u00e1cilmente accesible toda la informaci\u00f3n necesaria para que puedas conocer la tipolog\u00eda de datos que VI\u00d1EDOS Y BODEGAS SIERRA CANTABRIA\u00a0\u00a0 mantiene sobre sus clientes potenciales, clientes y\/o proveedores, las finalidades perseguidas, los derechos que la normativa de protecci\u00f3n de datos reconoce a Ud. como persona afectada y el modo de c\u00f3mo ejercer dichos derechos. Por lo tanto, con el env\u00edo deliberado de sus datos personales mediante nuestros medios de contacto y\/o con el inicio de la relaci\u00f3n mercantil con nuestra empresa consideramos que reconoce y acepta el tratamiento de tus datos personales tal y como se describe en la presente pol\u00edtica. Esta informaci\u00f3n personal solamente se usar\u00e1 para los fines para los cuales nos la has facilitado o determinadas normativas nacionales o regionales nos habilitan hacerlo.<\/p>\n<p>En cualquier caso, debemos advertirle que una negativa por su parte para facilitarnos determinados datos solicitados podr\u00eda obstaculizar el desarrollo de la relaci\u00f3n contractual entre las partes con posibles consecuencias serias al momento de prestar las diversas prestaciones contempladas dentro del contrato mercantil celebrado con la parte contratante.<\/p>\n<p>Si tienes cualquier pregunta en relaci\u00f3n a este apartado de Pol\u00edtica de Protecci\u00f3n de Datos para los Clientes Potenciales, Clientes y Proveedores de VI\u00d1EDOS Y BODEGAS SIERRA CANTABRIA\u00a0\u00a0 , por favor, p\u00f3ngase en contacto con la empresa usando la direcci\u00f3n facilitada en la\u00a0Apartado primero &#8216;Responsable de Tratamiento&#8217;\u00a0y estaremos encantados de atenderte y dar respuesta a las cuestiones adicionales que nos quieras plantear.<\/p>\n<ol start=\"9\">\n<li><strong>Legislaci\u00f3n aplicable<\/strong><\/li>\n<\/ol>\n<p>Las presentes Condiciones se regir\u00e1n en todo momento por lo dispuesto en la legislaci\u00f3n espa\u00f1ola y europea en materia de protecci\u00f3n de datos de car\u00e1cter personal y de privacidad.<\/p>\n\n","protected":false},"excerpt":{"rendered":"<p>Pol\u00edtica de protecci\u00f3n de datos y privacidad \u00bfQui\u00e9n es el Responsable de tratamiento de sus datos? El responsable de los tratamientos de datos referentes a los distintos procesos con respecto la gesti\u00f3n de usuarios, clientes y clientes potenciales, colaboradores y proveedores son las siguientes empresas (en adelante : VI\u00d1EDOS Y BODEGAS SIERRA CANTABRIA: VI\u00d1EDOS DE&hellip;<\/p>\n","protected":false},"author":1,"featured_media":0,"parent":0,"menu_order":0,"comment_status":"closed","ping_status":"closed","template":"","meta":{"_acf_changed":false,"footnotes":""},"class_list":["post-107","page","type-page","status-publish","hentry"],"acf":[],"yoast_head":"<!-- This site is optimized with the Yoast SEO plugin v26.4 - https:\/\/yoast.com\/wordpress\/plugins\/seo\/ -->\n<title>Pol\u00edtica de privacidad - Bodega privada de la Familia de Vi\u00f1edos y Bodegas Sierra Cantabria<\/title>\n<meta name=\"robots\" content=\"index, follow, max-snippet:-1, max-image-preview:large, max-video-preview:-1\" \/>\n<link rel=\"canonical\" href=\"https:\/\/www.sierracantabria.com\/bodegaprivadadelafamilia\/politica-de-privacidad\/\" \/>\n<meta property=\"og:locale\" content=\"es_ES\" \/>\n<meta property=\"og:type\" content=\"article\" \/>\n<meta property=\"og:title\" content=\"Pol\u00edtica de privacidad - Bodega privada de la Familia de Vi\u00f1edos y Bodegas Sierra Cantabria\" \/>\n<meta property=\"og:description\" content=\"Pol\u00edtica de protecci\u00f3n de datos y privacidad \u00bfQui\u00e9n es el Responsable de tratamiento de sus datos? El responsable de los tratamientos de datos referentes a los distintos procesos con respecto la gesti\u00f3n de usuarios, clientes y clientes potenciales, colaboradores y proveedores son las siguientes empresas (en adelante : VI\u00d1EDOS Y BODEGAS SIERRA CANTABRIA: VI\u00d1EDOS DE&hellip;\" \/>\n<meta property=\"og:url\" content=\"https:\/\/www.sierracantabria.com\/bodegaprivadadelafamilia\/politica-de-privacidad\/\" \/>\n<meta property=\"og:site_name\" content=\"Bodega privada de la Familia de Vi\u00f1edos y Bodegas Sierra Cantabria\" \/>\n<meta property=\"article:modified_time\" content=\"2020-11-10T06:03:04+00:00\" \/>\n<meta name=\"twitter:card\" content=\"summary_large_image\" \/>\n<meta name=\"twitter:label1\" content=\"Tiempo de lectura\" \/>\n\t<meta name=\"twitter:data1\" content=\"13 minutos\" \/>\n<script type=\"application\/ld+json\" class=\"yoast-schema-graph\">{\"@context\":\"https:\/\/schema.org\",\"@graph\":[{\"@type\":\"WebPage\",\"@id\":\"https:\/\/www.sierracantabria.com\/bodegaprivadadelafamilia\/politica-de-privacidad\/\",\"url\":\"https:\/\/www.sierracantabria.com\/bodegaprivadadelafamilia\/politica-de-privacidad\/\",\"name\":\"Pol\u00edtica de privacidad - Bodega privada de la Familia de Vi\u00f1edos y Bodegas Sierra Cantabria\",\"isPartOf\":{\"@id\":\"https:\/\/www.sierracantabria.com\/bodegaprivadadelafamilia\/#website\"},\"datePublished\":\"2020-07-25T12:45:58+00:00\",\"dateModified\":\"2020-11-10T06:03:04+00:00\",\"breadcrumb\":{\"@id\":\"https:\/\/www.sierracantabria.com\/bodegaprivadadelafamilia\/politica-de-privacidad\/#breadcrumb\"},\"inLanguage\":\"es\",\"potentialAction\":[{\"@type\":\"ReadAction\",\"target\":[\"https:\/\/www.sierracantabria.com\/bodegaprivadadelafamilia\/politica-de-privacidad\/\"]}]},{\"@type\":\"BreadcrumbList\",\"@id\":\"https:\/\/www.sierracantabria.com\/bodegaprivadadelafamilia\/politica-de-privacidad\/#breadcrumb\",\"itemListElement\":[{\"@type\":\"ListItem\",\"position\":1,\"name\":\"Portada\",\"item\":\"https:\/\/www.sierracantabria.com\/bodegaprivadadelafamilia\/\"},{\"@type\":\"ListItem\",\"position\":2,\"name\":\"Pol\u00edtica de privacidad\"}]},{\"@type\":\"WebSite\",\"@id\":\"https:\/\/www.sierracantabria.com\/bodegaprivadadelafamilia\/#website\",\"url\":\"https:\/\/www.sierracantabria.com\/bodegaprivadadelafamilia\/\",\"name\":\"Bodega privada de la Familia de Vi\u00f1edos y Bodegas Sierra Cantabria\",\"description\":\"La familia Eguren abre su exclusiva bodega de Vi\u00f1edos y Bodegas SIERRA CANTABRIA\",\"potentialAction\":[{\"@type\":\"SearchAction\",\"target\":{\"@type\":\"EntryPoint\",\"urlTemplate\":\"https:\/\/www.sierracantabria.com\/bodegaprivadadelafamilia\/?s={search_term_string}\"},\"query-input\":{\"@type\":\"PropertyValueSpecification\",\"valueRequired\":true,\"valueName\":\"search_term_string\"}}],\"inLanguage\":\"es\"}]}<\/script>\n<!-- \/ Yoast SEO plugin. -->","yoast_head_json":{"title":"Pol\u00edtica de privacidad - Bodega privada de la Familia de Vi\u00f1edos y Bodegas Sierra Cantabria","robots":{"index":"index","follow":"follow","max-snippet":"max-snippet:-1","max-image-preview":"max-image-preview:large","max-video-preview":"max-video-preview:-1"},"canonical":"https:\/\/www.sierracantabria.com\/bodegaprivadadelafamilia\/politica-de-privacidad\/","og_locale":"es_ES","og_type":"article","og_title":"Pol\u00edtica de privacidad - Bodega privada de la Familia de Vi\u00f1edos y Bodegas Sierra Cantabria","og_description":"Pol\u00edtica de protecci\u00f3n de datos y privacidad \u00bfQui\u00e9n es el Responsable de tratamiento de sus datos? El responsable de los tratamientos de datos referentes a los distintos procesos con respecto la gesti\u00f3n de usuarios, clientes y clientes potenciales, colaboradores y proveedores son las siguientes empresas (en adelante : VI\u00d1EDOS Y BODEGAS SIERRA CANTABRIA: VI\u00d1EDOS DE&hellip;","og_url":"https:\/\/www.sierracantabria.com\/bodegaprivadadelafamilia\/politica-de-privacidad\/","og_site_name":"Bodega privada de la Familia de Vi\u00f1edos y Bodegas Sierra Cantabria","article_modified_time":"2020-11-10T06:03:04+00:00","twitter_card":"summary_large_image","twitter_misc":{"Tiempo de lectura":"13 minutos"},"schema":{"@context":"https:\/\/schema.org","@graph":[{"@type":"WebPage","@id":"https:\/\/www.sierracantabria.com\/bodegaprivadadelafamilia\/politica-de-privacidad\/","url":"https:\/\/www.sierracantabria.com\/bodegaprivadadelafamilia\/politica-de-privacidad\/","name":"Pol\u00edtica de privacidad - Bodega privada de la Familia de Vi\u00f1edos y Bodegas Sierra Cantabria","isPartOf":{"@id":"https:\/\/www.sierracantabria.com\/bodegaprivadadelafamilia\/#website"},"datePublished":"2020-07-25T12:45:58+00:00","dateModified":"2020-11-10T06:03:04+00:00","breadcrumb":{"@id":"https:\/\/www.sierracantabria.com\/bodegaprivadadelafamilia\/politica-de-privacidad\/#breadcrumb"},"inLanguage":"es","potentialAction":[{"@type":"ReadAction","target":["https:\/\/www.sierracantabria.com\/bodegaprivadadelafamilia\/politica-de-privacidad\/"]}]},{"@type":"BreadcrumbList","@id":"https:\/\/www.sierracantabria.com\/bodegaprivadadelafamilia\/politica-de-privacidad\/#breadcrumb","itemListElement":[{"@type":"ListItem","position":1,"name":"Portada","item":"https:\/\/www.sierracantabria.com\/bodegaprivadadelafamilia\/"},{"@type":"ListItem","position":2,"name":"Pol\u00edtica de privacidad"}]},{"@type":"WebSite","@id":"https:\/\/www.sierracantabria.com\/bodegaprivadadelafamilia\/#website","url":"https:\/\/www.sierracantabria.com\/bodegaprivadadelafamilia\/","name":"Bodega privada de la Familia de Vi\u00f1edos y Bodegas Sierra Cantabria","description":"La familia Eguren abre su exclusiva bodega de Vi\u00f1edos y Bodegas SIERRA CANTABRIA","potentialAction":[{"@type":"SearchAction","target":{"@type":"EntryPoint","urlTemplate":"https:\/\/www.sierracantabria.com\/bodegaprivadadelafamilia\/?s={search_term_string}"},"query-input":{"@type":"PropertyValueSpecification","valueRequired":true,"valueName":"search_term_string"}}],"inLanguage":"es"}]}},"_links":{"self":[{"href":"https:\/\/www.sierracantabria.com\/bodegaprivadadelafamilia\/wp-json\/wp\/v2\/pages\/107","targetHints":{"allow":["GET"]}}],"collection":[{"href":"https:\/\/www.sierracantabria.com\/bodegaprivadadelafamilia\/wp-json\/wp\/v2\/pages"}],"about":[{"href":"https:\/\/www.sierracantabria.com\/bodegaprivadadelafamilia\/wp-json\/wp\/v2\/types\/page"}],"author":[{"embeddable":true,"href":"https:\/\/www.sierracantabria.com\/bodegaprivadadelafamilia\/wp-json\/wp\/v2\/users\/1"}],"replies":[{"embeddable":true,"href":"https:\/\/www.sierracantabria.com\/bodegaprivadadelafamilia\/wp-json\/wp\/v2\/comments?post=107"}],"version-history":[{"count":6,"href":"https:\/\/www.sierracantabria.com\/bodegaprivadadelafamilia\/wp-json\/wp\/v2\/pages\/107\/revisions"}],"predecessor-version":[{"id":502,"href":"https:\/\/www.sierracantabria.com\/bodegaprivadadelafamilia\/wp-json\/wp\/v2\/pages\/107\/revisions\/502"}],"wp:attachment":[{"href":"https:\/\/www.sierracantabria.com\/bodegaprivadadelafamilia\/wp-json\/wp\/v2\/media?parent=107"}],"curies":[{"name":"wp","href":"https:\/\/api.w.org\/{rel}","templated":true}]}}